{"id":262,"date":"2026-04-17T07:11:24","date_gmt":"2026-04-17T05:11:24","guid":{"rendered":"https:\/\/www.vacanze-natura.it\/videoueberwachungssystems\/"},"modified":"2026-04-27T17:44:21","modified_gmt":"2026-04-27T15:44:21","slug":"videoueberwachungssystems","status":"publish","type":"page","link":"https:\/\/www.vacanze-natura.it\/de\/videoueberwachungssystems\/","title":{"rendered":"Video\u00fcberwachungssystems"},"content":{"rendered":"\t\t<div data-elementor-type=\"wp-page\" data-elementor-id=\"262\" class=\"elementor elementor-262 elementor-80\" data-elementor-post-type=\"page\">\n\t\t\t\t<div class=\"elementor-element elementor-element-8787ad5 e-flex e-con-boxed e-con e-parent\" data-id=\"8787ad5\" data-element_type=\"container\" data-e-type=\"container\" data-settings=\"{&quot;background_background&quot;:&quot;classic&quot;}\">\n\t\t\t\t\t<div class=\"e-con-inner\">\n\t\t\t\t\t<\/div>\n\t\t\t\t<\/div>\n\t\t<div class=\"elementor-element elementor-element-d0318b9 e-flex e-con-boxed e-con e-parent\" data-id=\"d0318b9\" data-element_type=\"container\" data-e-type=\"container\">\n\t\t\t\t\t<div class=\"e-con-inner\">\n\t\t\t\t<div class=\"elementor-element elementor-element-b549c48 elementor-widget elementor-widget-breadcrumbs\" data-id=\"b549c48\" data-element_type=\"widget\" data-e-type=\"widget\" data-widget_type=\"breadcrumbs.default\">\n\t\t\t\t\t<p id=\"breadcrumbs\"><span><span><a href=\"https:\/\/www.vacanze-natura.it\/de\/\">Home<\/a><\/span><\/span><\/p>\t\t\t\t<\/div>\n\t\t\t\t\t<\/div>\n\t\t\t\t<\/div>\n\t\t<div class=\"elementor-element elementor-element-f8c1488 e-flex e-con-boxed e-con e-parent\" data-id=\"f8c1488\" data-element_type=\"container\" data-e-type=\"container\">\n\t\t\t\t\t<div class=\"e-con-inner\">\n\t\t\t\t<div class=\"elementor-element elementor-element-132ec18 elementor-widget elementor-widget-spacer\" data-id=\"132ec18\" data-element_type=\"widget\" data-e-type=\"widget\" data-widget_type=\"spacer.default\">\n\t\t\t\t\t\t\t<div class=\"elementor-spacer\">\n\t\t\t<div class=\"elementor-spacer-inner\"><\/div>\n\t\t<\/div>\n\t\t\t\t\t\t<\/div>\n\t\t\t\t<div class=\"elementor-element elementor-element-c6a5f32 elementor-widget elementor-widget-wpml-language-switcher\" data-id=\"c6a5f32\" data-element_type=\"widget\" data-e-type=\"widget\" data-widget_type=\"wpml-language-switcher.default\">\n\t\t\t\t<div class=\"elementor-widget-container\">\n\t\t\t\t\t<div class=\"wpml-elementor-ls\">\n<div role=\"navigation\" aria-label=\"Sprachwechsler\" class=\"wpml-ls-statics-shortcode_actions wpml-ls wpml-ls-legacy-list-horizontal\">\n\t<ul><li class=\"wpml-ls-slot-shortcode_actions wpml-ls-item wpml-ls-item-it wpml-ls-first-item wpml-ls-item-legacy-list-horizontal\">\n\t\t\t\t<a href=\"https:\/\/www.vacanze-natura.it\/\" hreflang=\"it\" lang=\"it\" class=\"wpml-ls-link\" aria-label=\"Wechseln zu Italiano\" title=\"Wechseln zu Italiano\">\n\t\t\t\t\t                                    <img decoding=\"async\"\n            class=\"wpml-ls-flag\"\n            src=\"https:\/\/www.vacanze-natura.it\/wp-content\/plugins\/sitepress-multilingual-cms\/res\/flags\/it.svg\"\n            alt=\"\"\n            loading=\"lazy\"\n            width=18\n            height=12\n    \/><span class=\"wpml-ls-native\">Italiano<\/span><\/a>\n\t\t\t<\/li><li class=\"wpml-ls-slot-shortcode_actions wpml-ls-item wpml-ls-item-en wpml-ls-item-legacy-list-horizontal\">\n\t\t\t\t<a href=\"https:\/\/www.vacanze-natura.it\/en\/\" hreflang=\"en\" lang=\"en\" class=\"wpml-ls-link\" aria-label=\"Wechseln zu English\" title=\"Wechseln zu English\">\n\t\t\t\t\t                                    <img decoding=\"async\"\n            class=\"wpml-ls-flag\"\n            src=\"https:\/\/www.vacanze-natura.it\/wp-content\/plugins\/sitepress-multilingual-cms\/res\/flags\/en.svg\"\n            alt=\"\"\n            loading=\"lazy\"\n            width=18\n            height=12\n    \/><span class=\"wpml-ls-native\">English<\/span><\/a>\n\t\t\t<\/li><li class=\"wpml-ls-slot-shortcode_actions wpml-ls-item wpml-ls-item-de wpml-ls-current-language wpml-ls-last-item wpml-ls-item-legacy-list-horizontal\">\n\t\t\t\t<a href=\"https:\/\/www.vacanze-natura.it\/de\/\" hreflang=\"de\" lang=\"de\" class=\"wpml-ls-link\" aria-current=\"page\" aria-label=\"Wechseln zu Deutsch\" title=\"Wechseln zu Deutsch\">\n\t\t\t\t\t                                    <img decoding=\"async\"\n            class=\"wpml-ls-flag\"\n            src=\"https:\/\/www.vacanze-natura.it\/wp-content\/plugins\/sitepress-multilingual-cms\/res\/flags\/de.svg\"\n            alt=\"\"\n            loading=\"lazy\"\n            width=18\n            height=12\n    \/><span class=\"wpml-ls-native\">Deutsch<\/span><\/a>\n\t\t\t<\/li><\/ul>\n<\/div>\n<\/div>\t\t\t\t<\/div>\n\t\t\t\t<\/div>\n\t\t\t\t<div class=\"elementor-element elementor-element-95af5b0 elementor-widget elementor-widget-heading\" data-id=\"95af5b0\" data-element_type=\"widget\" data-e-type=\"widget\" data-widget_type=\"heading.default\">\n\t\t\t\t\t<h2 class=\"elementor-heading-title elementor-size-default\">DATENSCHUTZERKL\u00c4RUNG GEM\u00c4SS ART. 13 GDPR<br>BEZ\u00dcGLICH DES VOM UNTERNEHMEN AKTIVIERTEN VIDEO\u00dcBERWACHUNGSSYSTEMS<\/h2>\t\t\t\t<\/div>\n\t\t\t\t<div class=\"elementor-element elementor-element-ba07343 elementor-widget elementor-widget-spacer\" data-id=\"ba07343\" data-element_type=\"widget\" data-e-type=\"widget\" data-widget_type=\"spacer.default\">\n\t\t\t\t\t\t\t<div class=\"elementor-spacer\">\n\t\t\t<div class=\"elementor-spacer-inner\"><\/div>\n\t\t<\/div>\n\t\t\t\t\t\t<\/div>\n\t\t\t\t<div class=\"elementor-element elementor-element-e872c79 elementor-widget elementor-widget-text-editor\" data-id=\"e872c79\" data-element_type=\"widget\" data-e-type=\"widget\" data-widget_type=\"text-editor.default\">\n\t\t\t\t\t\t\t\t\t<p>Nach Vorgabe von Art. 13 der Verordnung (EU) 2016\/679 (GDPR ), der italienischen Verf\u00fcgung des Garanten f\u00fcr den Schutz personenbezogener Daten vom 8. April 2010 und der italienischen Richtlinien 3\/19 zur Verarbeitung personenbezogener Daten mit Videovorrichtungen m\u00f6chte Sie die Firma <strong>S.A.I.T. SRL<\/strong> mit Sitz in der Via Vettor Pisani 56, 30013 Cavallino-Treporti (VE), P.IVA\/CF 01952110276, vertreten durch deren vor\u00fcbergehenden gesetzlichen Vertreter, in ihrer Funktion als Verantwortlicher der <strong>Datenverarbeitung<\/strong> gem\u00e4\u00df Art. 13 der Verordnung (EU) 2016\/679 des Europ\u00e4ischen Parlaments und des Rates zum Schutz nat\u00fcrlicher Personen bei der Verarbeitung personenbezogener Daten, der italienischen Verf\u00fcgung des Garanten f\u00fcr den Schutz personenbezogener Daten vom 8. April 2010 und der italienischen Richtlinien 3\/19 zur Verarbeitung personenbezogener Daten mit Videovorrichtungen dar\u00fcber informieren, dass &#8211; aus Gr\u00fcnden der Vorbeugung, der organisatorischen Sicherheit und des Schutzes des Eigentums der Firma &#8211; einige Bereiche und R\u00e4umlichkeiten der Firma, welche mit den vom Garanten f\u00fcr den Schutz personenbezogener Daten verlangten Schilder ordnungsgem\u00e4\u00df gekennzeichnet sind, von einem Video\u00fcberwachungssystem \u00fcberwacht werden.<\/p>\n\t\t\t\t\t\t\t\t<\/div>\n\t\t\t\t<div class=\"elementor-element elementor-element-fed272b elementor-widget elementor-widget-heading\" data-id=\"fed272b\" data-element_type=\"widget\" data-e-type=\"widget\" data-widget_type=\"heading.default\">\n\t\t\t\t\t<h2 class=\"elementor-heading-title elementor-size-default\"><strong>Art der Daten, die Gegenstand der Datenverarbeitung sind<\/strong><\/h2>\t\t\t\t<\/div>\n\t\t\t\t<div class=\"elementor-element elementor-element-6ba7435 elementor-widget elementor-widget-text-editor\" data-id=\"6ba7435\" data-element_type=\"widget\" data-e-type=\"widget\" data-widget_type=\"text-editor.default\">\n\t\t\t\t\t\t\t\t\t<p>Es werden ausschlie\u00dflich personenbezogene Daten verarbeitet, die aus dem Video\u00fcberwachungssystem stammen, das hei\u00dft Bilder, die von der installierten Videoanlage aufgenommen werden.<\/p>\n\t\t\t\t\t\t\t\t<\/div>\n\t\t\t\t<div class=\"elementor-element elementor-element-8115462 elementor-widget elementor-widget-heading\" data-id=\"8115462\" data-element_type=\"widget\" data-e-type=\"widget\" data-widget_type=\"heading.default\">\n\t\t\t\t\t<h2 class=\"elementor-heading-title elementor-size-default\"><strong>Zweck und Rechtsgrundlage der Verarbeitung<\/strong><\/h2>\t\t\t\t<\/div>\n\t\t\t\t<div class=\"elementor-element elementor-element-85b7572 elementor-widget elementor-widget-text-editor\" data-id=\"85b7572\" data-element_type=\"widget\" data-e-type=\"widget\" data-widget_type=\"text-editor.default\">\n\t\t\t\t\t\t\t\t\t<p>Die Video\u00fcberwachungsanlagen wurden zu folgenden Zwecken installiert:<\/p>\n<ul>\n<li>Schutz des Eigentums der Firma.<\/li>\n<li>Vorbeugung und Schutz der Sicherheit der Mitarbeiter und der G\u00e4ste.<\/li>\n<li>Zugangskontrolle.<\/li>\n<\/ul>\n<p>Die Rechtsgrundlage f\u00fcr die Verarbeitung ist das berechtigte Interesse des Verantwortlichen der Datenverarbeitung gem\u00e4\u00df Art. 6f) der Verordnung (EU) 679\/2016.<\/p>\n\t\t\t\t\t\t\t\t<\/div>\n\t\t\t\t<div class=\"elementor-element elementor-element-ab6e68b elementor-widget elementor-widget-heading\" data-id=\"ab6e68b\" data-element_type=\"widget\" data-e-type=\"widget\" data-widget_type=\"heading.default\">\n\t\t\t\t\t<h2 class=\"elementor-heading-title elementor-size-default\"><strong>Art der Verarbeitung und Zeitraum der Aufbewahrung der Bilder<\/strong><\/h2>\t\t\t\t<\/div>\n\t\t\t\t<div class=\"elementor-element elementor-element-77ec48d elementor-widget elementor-widget-text-editor\" data-id=\"77ec48d\" data-element_type=\"widget\" data-e-type=\"widget\" data-widget_type=\"text-editor.default\">\n\t\t\t\t\t\t\t\t\t<p>Die aufgenommenen Bilder werden nach den Grunds\u00e4tzen der Korrektheit, Zul\u00e4ssigkeit und Transparenz und in jedem Fall auf eine Weise verarbeitet, welche die Sicherheit garantiert und maximalen Schutz f\u00fcr die Privatsph\u00e4re der betroffenen Person gew\u00e4hrleistet. Die erfassten Daten werden mit geeigneten Sicherheitsma\u00dfnahmen gesch\u00fctzt, um das Risiko der Zerst\u00f6rung, des Verlustes u\/o des unbefugten Zugriffs zu mindern. Das aufgenommene Bildmaterial wird f\u00fcr einen Zeitraum von maximal 72 Stunden aufbewahrt.<br \/>Nur in einigen F\u00e4llen, in denen besondere Anforderungen vorliegen, u\/o im Falle des Eintretens besonderer Vorkommnisse kann der Aufbewahrungszeitraum der oben genannten Daten f\u00fcr einen Zeitraum von maximal 7 Tagen verl\u00e4ngert werden, vorbehaltlich der F\u00e4lle, in denen diese Daten von der Justizbeh\u00f6rde u\/o der Polizei angefragt werden.<\/p>\n\t\t\t\t\t\t\t\t<\/div>\n\t\t\t\t<div class=\"elementor-element elementor-element-cacb7a6 elementor-widget elementor-widget-heading\" data-id=\"cacb7a6\" data-element_type=\"widget\" data-e-type=\"widget\" data-widget_type=\"heading.default\">\n\t\t\t\t\t<h2 class=\"elementor-heading-title elementor-size-default\"><strong>Kategorien der Empf\u00e4nger der personenbezogenen Daten<\/strong><\/h2>\t\t\t\t<\/div>\n\t\t\t\t<div class=\"elementor-element elementor-element-40bbc61 elementor-widget elementor-widget-text-editor\" data-id=\"40bbc61\" data-element_type=\"widget\" data-e-type=\"widget\" data-widget_type=\"text-editor.default\">\n\t\t\t\t\t\t\t\t\t<p>Die verarbeiteten Daten sind nicht Gegenstand einer Offenlegung Dritten gegen\u00fcber. Zu den Empf\u00e4ngern der personenbezogenen Daten k\u00f6nnen jedoch neben dem Verantwortlichen der Datenverarbeitung auch folgende Personen und Einrichtungen z\u00e4hlen:<\/p>\n<ul>\n<li>Personen, Einrichtungen und Beh\u00f6rden, an welche die Weitergabe der Daten kraft gesetzlicher Vorgaben oder Bestimmungen oder Anordnungen der Beh\u00f6rden obligatorisch ist.<\/li>\n<li>unsere Mitarbeiter, sofern sie zuvor gem\u00e4\u00df Art. 29 der Verordnung (EU) 2016\/679 als Personen benannt wurden, die unter der Aufsicht des Verantwortlichen zur Verarbeitung befugt sind, oder als Systemadministratoren.<\/li>\n<li>Wartungstechniker oder externe Personen, die mit der Wartung der Anlage beauftragt sind, sofern sie zuvor gem\u00e4\u00df Art. 28 des Regolamento Europeo um Auftragsverarbeiter der Datenverarbeitung ernannt worden sind.<\/li>\n<\/ul>\n\t\t\t\t\t\t\t\t<\/div>\n\t\t\t\t<div class=\"elementor-element elementor-element-e154772 elementor-widget elementor-widget-heading\" data-id=\"e154772\" data-element_type=\"widget\" data-e-type=\"widget\" data-widget_type=\"heading.default\">\n\t\t\t\t\t<h2 class=\"elementor-heading-title elementor-size-default\"><strong>Daten\u00fcbermittlung in Drittl\u00e4nder<\/strong><\/h2>\t\t\t\t<\/div>\n\t\t\t\t<div class=\"elementor-element elementor-element-dfef69f elementor-widget elementor-widget-text-editor\" data-id=\"dfef69f\" data-element_type=\"widget\" data-e-type=\"widget\" data-widget_type=\"text-editor.default\">\n\t\t\t\t\t\t\t\t\t<p>Der Verantwortlicher der Datenverarbeitung beabsichtigt nicht, Ihre personenbezogenen Daten in Drittl\u00e4nder zu \u00fcbermitteln. Die gesamte Verarbeitung der personenbezogenen Daten findet innerhalb von Italien statt, beziehungsweise in einigen begrenzten F\u00e4llen innerhalb der EU.<\/p>\n\t\t\t\t\t\t\t\t<\/div>\n\t\t\t\t<div class=\"elementor-element elementor-element-a70144a elementor-widget elementor-widget-heading\" data-id=\"a70144a\" data-element_type=\"widget\" data-e-type=\"widget\" data-widget_type=\"heading.default\">\n\t\t\t\t\t<h2 class=\"elementor-heading-title elementor-size-default\"><strong>Rechte der betroffenen Person<\/strong><\/h2>\t\t\t\t<\/div>\n\t\t\t\t<div class=\"elementor-element elementor-element-b562741 elementor-widget elementor-widget-text-editor\" data-id=\"b562741\" data-element_type=\"widget\" data-e-type=\"widget\" data-widget_type=\"text-editor.default\">\n\t\t\t\t\t\t\t\t\t<p>Gem\u00e4\u00df Art. 15 bis Art. 22 der GDPR 679\/2016 informieren wir Sie dar\u00fcber, dass Sie bez\u00fcglich Ihrer personenbezogenen Daten folgende Rechte in Anspruch nehmen k\u00f6nnen, sofern anwendbar:<\/p>\n<ul>\n<li><strong>Recht auf Auskunft \u00fcber die personenbezogenen Daten und auf folgende Informationen<\/strong>: Die Best\u00e4tigung, ob sie betreffende personenbezogene Daten verarbeitet werden. Zweck der Datenverarbeitung. Kategorien der personenbezogenen Daten. Empf\u00e4nger oder Kategorien der Empf\u00e4nger, gegen\u00fcber denen die personenbezogenen Daten offengelegt worden sind oder noch offengelegt werden. Wenn die personenbezogenen Daten nicht bei der betroffenen Person erhoben werden, alle verf\u00fcgbaren Informationen \u00fcber die Herkunft der Daten. Das Bestehen einer automatisierten Entscheidungsfindung einschlie\u00dflich Profilierung. Erhalt einer Kopie der Daten, die verarbeitet werden.<\/li>\n<li><strong>Recht auf Berichtigung und Vervollst\u00e4ndigung der personenbezogenen Daten.<\/strong><\/li>\n<li><strong>Recht auf L\u00f6schung (&#8222;Recht auf Vergessenwerden&#8220;)<\/strong>, sofern einer der folgenden Gr\u00fcnde zutrifft: Die personenbezogenen Daten sind f\u00fcr die Zwecke, f\u00fcr die sie erhoben oder auf sonstige Weise verarbeitet wurden, nicht mehr notwendig. Die betroffene Person widerruft ihre Einwilligung zur Verarbeitung der Daten oder es fehlt an einer anderweitigen\u00a0 echtsgrundlage f\u00fcr die Verarbeitung.<br \/>\nDie betroffene Person legt Widerspruch gegen die Verarbeitung ein und es liegen keine vorrangigen berechtigten Gr\u00fcnde f\u00fcr die Verarbeitung vor. Die personenbezogenen Daten wurden unrechtm\u00e4\u00dfig verarbeitet. Die L\u00f6schung der personenbezogenen Daten ist zur Erf\u00fcllung einer rechtlichen Verpflichtung nach dem Unionsrecht oder dem Recht der Mitgliedstaaten erforderlich, dem der Verantwortliche unterliegt. Hat der Verantwortliche die personenbezogenen Daten \u00f6ffentlich gemacht und ist er zu deren L\u00f6schung verpflichtet, muss er die anderen, f\u00fcr die Datenverarbeitung Verantwortlichen, die die personenbezogenen Daten verarbeiten, dar\u00fcber informieren, dass die L\u00f6schung aller Links oder Kopien oder Replikationen dieser personenbezogenen Daten verlangt worden ist.<\/li>\n<li><strong>Recht auf Einschr\u00e4nkung der Verarbeitung<\/strong> in folgenden F\u00e4llen: Wenn die Richtigkeit der personenbezogenen Daten von der betroffenen Person bestritten wird, und zwar f\u00fcr eine Dauer, die es dem Verantwortlichen erm\u00f6glicht, die Richtigkeit der personenbezogenen Daten zu \u00fcberpr\u00fcfen. Wenn die Verarbeitung unrechtm\u00e4\u00dfig ist und die betroffene Person die L\u00f6schung der personenbezogenen Daten ablehnt und stattdessen die Einschr\u00e4nkung der Nutzung der personenbezogenen Daten verlangt. Wenn der Verantwortliche die personenbezogenen Daten f\u00fcr die Zwecke der Verarbeitung nicht l\u00e4nger ben\u00f6tigt, die betroffene Person sie jedoch zur Geltendmachung, Aus\u00fcbung oder Verteidigung von Rechtsanspr\u00fcchen ben\u00f6tigt. Wenn die betroffene Person Widerspruch gegen die Verarbeitung eingelegt hat, solange noch nicht feststeht, ob die berechtigten Gr\u00fcnde des Verantwortlichen gegen\u00fcber denen der\u00a0 etroffenen Person \u00fcberwiegen.<\/li>\n<li><strong>Recht auf Vorbringen einer Beschwerde<\/strong> beim Garanten f\u00fcr den Schutz der personenbezogenen Daten unter Beachtung der Prozeduren und Anweisungen, die auf der offiziellen Webseite der Aufsichtsbeh\u00f6rde <a href=\"https:\/\/www.garanteprivacy.it\/web\/garante-privacy-en\/home_en\" target=\"_blank\" rel=\"noopener\">www.garanteprivacy.it<\/a> ver\u00f6ffentlicht sind.<\/li>\n<\/ul>\n<p>Die Aus\u00fcbung der Rechte unterliegt keiner f\u00f6rmlichen Einschr\u00e4nkung und ist kostenlos.<\/p>\n\t\t\t\t\t\t\t\t<\/div>\n\t\t\t\t<div class=\"elementor-element elementor-element-7968d13 elementor-widget elementor-widget-heading\" data-id=\"7968d13\" data-element_type=\"widget\" data-e-type=\"widget\" data-widget_type=\"heading.default\">\n\t\t\t\t\t<h2 class=\"elementor-heading-title elementor-size-default\"><strong>Prozedur f\u00fcr die Aus\u00fcbung der Rechte<\/strong><\/h2>\t\t\t\t<\/div>\n\t\t\t\t<div class=\"elementor-element elementor-element-69f42ab elementor-widget elementor-widget-text-editor\" data-id=\"69f42ab\" data-element_type=\"widget\" data-e-type=\"widget\" data-widget_type=\"text-editor.default\">\n\t\t\t\t\t\t\t\t\t<p>Sie k\u00f6nnen jedes Ihrer Rechte jederzeit per Einschreiben mit R\u00fcckschein an den Sitz des Verantwortlichen der Datenverarbeitung und durch Senden einer E-Mail an <a href=\"mailto:privacy.sait@vacanze-natura.it\">privacy.sait@vacanze-natura.it<\/a> geltend machen.<br \/>Eine eventuelle \u00c4nderung am Video\u00fcberwachungssystem f\u00fchrt zur \u00c4nderung u\/o Erg\u00e4nzung der Genehmigung, welche von der zust\u00e4ndigen Arbeitsaufsichtsbeh\u00f6rde ausgestellt wird, und alle betroffenen Personen werden rechtzeitig und auf angemessene Weise durch eine \u00c4nderung der vorliegenden Datenschutzerkl\u00e4rung dar\u00fcber in Kenntnis gesetzt.<\/p>\n\t\t\t\t\t\t\t\t<\/div>\n\t\t\t\t<div class=\"elementor-element elementor-element-d762878 elementor-widget elementor-widget-spacer\" data-id=\"d762878\" data-element_type=\"widget\" data-e-type=\"widget\" data-widget_type=\"spacer.default\">\n\t\t\t\t\t\t\t<div class=\"elementor-spacer\">\n\t\t\t<div class=\"elementor-spacer-inner\"><\/div>\n\t\t<\/div>\n\t\t\t\t\t\t<\/div>\n\t\t\t\t\t<\/div>\n\t\t\t\t<\/div>\n\t\t\t\t<\/div>\n\t\t","protected":false},"excerpt":{"rendered":"<p>Italiano English Deutsch DATENSCHUTZERKL\u00c4RUNG GEM\u00c4SS ART. 13 GDPRBEZ\u00dcGLICH DES VOM UNTERNEHMEN AKTIVIERTEN VIDEO\u00dcBERWACHUNGSSYSTEMS Nach Vorgabe von Art. 13 der Verordnung (EU) 2016\/679 (GDPR ), der italienischen Verf\u00fcgung des Garanten f\u00fcr den Schutz personenbezogener Daten vom 8. April 2010 und der italienischen Richtlinien 3\/19 zur Verarbeitung personenbezogener Daten mit Videovorrichtungen m\u00f6chte Sie die Firma S.A.I.T. SRL [&hellip;]<\/p>\n","protected":false},"author":1,"featured_media":261,"parent":0,"menu_order":0,"comment_status":"closed","ping_status":"closed","template":"","meta":{"_acf_changed":false,"footnotes":""},"class_list":["post-262","page","type-page","status-publish","has-post-thumbnail","hentry"],"acf":[],"yoast_head":"<!-- This site is optimized with the Yoast SEO plugin v27.4 - https:\/\/yoast.com\/product\/yoast-seo-wordpress\/ -->\n<title>Video\u00fcberwachungssystems - Gruppo Vacanze Natura<\/title>\n<meta name=\"robots\" content=\"index, follow, max-snippet:-1, max-image-preview:large, max-video-preview:-1\" \/>\n<link rel=\"canonical\" href=\"https:\/\/www.vacanze-natura.it\/de\/videoueberwachungssystems\/\" \/>\n<meta property=\"og:locale\" content=\"de_DE\" \/>\n<meta property=\"og:type\" content=\"article\" \/>\n<meta property=\"og:title\" content=\"Video\u00fcberwachungssystems - Gruppo Vacanze Natura\" \/>\n<meta property=\"og:description\" content=\"Italiano English Deutsch DATENSCHUTZERKL\u00c4RUNG GEM\u00c4SS ART. 13 GDPRBEZ\u00dcGLICH DES VOM UNTERNEHMEN AKTIVIERTEN VIDEO\u00dcBERWACHUNGSSYSTEMS Nach Vorgabe von Art. 13 der Verordnung (EU) 2016\/679 (GDPR ), der italienischen Verf\u00fcgung des Garanten f\u00fcr den Schutz personenbezogener Daten vom 8. April 2010 und der italienischen Richtlinien 3\/19 zur Verarbeitung personenbezogener Daten mit Videovorrichtungen m\u00f6chte Sie die Firma S.A.I.T. SRL [&hellip;]\" \/>\n<meta property=\"og:url\" content=\"https:\/\/www.vacanze-natura.it\/de\/videoueberwachungssystems\/\" \/>\n<meta property=\"og:site_name\" content=\"Gruppo Vacanze Natura\" \/>\n<meta property=\"article:modified_time\" content=\"2026-04-27T15:44:21+00:00\" \/>\n<meta property=\"og:image\" content=\"https:\/\/www.vacanze-natura.it\/wp-content\/uploads\/2026\/04\/mare.jpg\" \/>\n\t<meta property=\"og:image:width\" content=\"1280\" \/>\n\t<meta property=\"og:image:height\" content=\"900\" \/>\n\t<meta property=\"og:image:type\" content=\"image\/jpeg\" \/>\n<meta name=\"twitter:card\" content=\"summary_large_image\" \/>\n<meta name=\"twitter:label1\" content=\"Gesch\u00e4tzte Lesezeit\" \/>\n\t<meta name=\"twitter:data1\" content=\"6\u00a0Minuten\" \/>\n<script type=\"application\/ld+json\" class=\"yoast-schema-graph\">{\"@context\":\"https:\\\/\\\/schema.org\",\"@graph\":[{\"@type\":\"WebPage\",\"@id\":\"https:\\\/\\\/www.vacanze-natura.it\\\/de\\\/videoueberwachungssystems\\\/\",\"url\":\"https:\\\/\\\/www.vacanze-natura.it\\\/de\\\/videoueberwachungssystems\\\/\",\"name\":\"Video\u00fcberwachungssystems - Gruppo Vacanze Natura\",\"isPartOf\":{\"@id\":\"https:\\\/\\\/www.vacanze-natura.it\\\/de\\\/#website\"},\"primaryImageOfPage\":{\"@id\":\"https:\\\/\\\/www.vacanze-natura.it\\\/de\\\/videoueberwachungssystems\\\/#primaryimage\"},\"image\":{\"@id\":\"https:\\\/\\\/www.vacanze-natura.it\\\/de\\\/videoueberwachungssystems\\\/#primaryimage\"},\"thumbnailUrl\":\"https:\\\/\\\/www.vacanze-natura.it\\\/wp-content\\\/uploads\\\/2026\\\/04\\\/mare.jpg\",\"datePublished\":\"2026-04-17T05:11:24+00:00\",\"dateModified\":\"2026-04-27T15:44:21+00:00\",\"breadcrumb\":{\"@id\":\"https:\\\/\\\/www.vacanze-natura.it\\\/de\\\/videoueberwachungssystems\\\/#breadcrumb\"},\"inLanguage\":\"de\",\"potentialAction\":[{\"@type\":\"ReadAction\",\"target\":[\"https:\\\/\\\/www.vacanze-natura.it\\\/de\\\/videoueberwachungssystems\\\/\"]}]},{\"@type\":\"ImageObject\",\"inLanguage\":\"de\",\"@id\":\"https:\\\/\\\/www.vacanze-natura.it\\\/de\\\/videoueberwachungssystems\\\/#primaryimage\",\"url\":\"https:\\\/\\\/www.vacanze-natura.it\\\/wp-content\\\/uploads\\\/2026\\\/04\\\/mare.jpg\",\"contentUrl\":\"https:\\\/\\\/www.vacanze-natura.it\\\/wp-content\\\/uploads\\\/2026\\\/04\\\/mare.jpg\",\"width\":1280,\"height\":900},{\"@type\":\"BreadcrumbList\",\"@id\":\"https:\\\/\\\/www.vacanze-natura.it\\\/de\\\/videoueberwachungssystems\\\/#breadcrumb\",\"itemListElement\":[{\"@type\":\"ListItem\",\"position\":1,\"name\":\"Home\",\"item\":\"https:\\\/\\\/www.vacanze-natura.it\\\/de\\\/\"},{\"@type\":\"ListItem\",\"position\":2,\"name\":\"Video\u00fcberwachungssystems\"}]},{\"@type\":\"WebSite\",\"@id\":\"https:\\\/\\\/www.vacanze-natura.it\\\/de\\\/#website\",\"url\":\"https:\\\/\\\/www.vacanze-natura.it\\\/de\\\/\",\"name\":\"Gruppo Vacanze Natura\",\"description\":\"\",\"publisher\":{\"@id\":\"https:\\\/\\\/www.vacanze-natura.it\\\/de\\\/#organization\"},\"potentialAction\":[{\"@type\":\"SearchAction\",\"target\":{\"@type\":\"EntryPoint\",\"urlTemplate\":\"https:\\\/\\\/www.vacanze-natura.it\\\/de\\\/?s={search_term_string}\"},\"query-input\":{\"@type\":\"PropertyValueSpecification\",\"valueRequired\":true,\"valueName\":\"search_term_string\"}}],\"inLanguage\":\"de\"},{\"@type\":\"Organization\",\"@id\":\"https:\\\/\\\/www.vacanze-natura.it\\\/de\\\/#organization\",\"name\":\"Gruppo Vacanze Natura\",\"url\":\"https:\\\/\\\/www.vacanze-natura.it\\\/de\\\/\",\"logo\":{\"@type\":\"ImageObject\",\"inLanguage\":\"de\",\"@id\":\"https:\\\/\\\/www.vacanze-natura.it\\\/de\\\/#\\\/schema\\\/logo\\\/image\\\/\",\"url\":\"https:\\\/\\\/www.vacanze-natura.it\\\/wp-content\\\/uploads\\\/2026\\\/04\\\/Sait_Gruppo_Vacanze_Natura.svg\",\"contentUrl\":\"https:\\\/\\\/www.vacanze-natura.it\\\/wp-content\\\/uploads\\\/2026\\\/04\\\/Sait_Gruppo_Vacanze_Natura.svg\",\"width\":600,\"height\":45,\"caption\":\"Gruppo Vacanze Natura\"},\"image\":{\"@id\":\"https:\\\/\\\/www.vacanze-natura.it\\\/de\\\/#\\\/schema\\\/logo\\\/image\\\/\"}}]}<\/script>\n<!-- \/ Yoast SEO plugin. -->","yoast_head_json":{"title":"Video\u00fcberwachungssystems - Gruppo Vacanze Natura","robots":{"index":"index","follow":"follow","max-snippet":"max-snippet:-1","max-image-preview":"max-image-preview:large","max-video-preview":"max-video-preview:-1"},"canonical":"https:\/\/www.vacanze-natura.it\/de\/videoueberwachungssystems\/","og_locale":"de_DE","og_type":"article","og_title":"Video\u00fcberwachungssystems - Gruppo Vacanze Natura","og_description":"Italiano English Deutsch DATENSCHUTZERKL\u00c4RUNG GEM\u00c4SS ART. 13 GDPRBEZ\u00dcGLICH DES VOM UNTERNEHMEN AKTIVIERTEN VIDEO\u00dcBERWACHUNGSSYSTEMS Nach Vorgabe von Art. 13 der Verordnung (EU) 2016\/679 (GDPR ), der italienischen Verf\u00fcgung des Garanten f\u00fcr den Schutz personenbezogener Daten vom 8. April 2010 und der italienischen Richtlinien 3\/19 zur Verarbeitung personenbezogener Daten mit Videovorrichtungen m\u00f6chte Sie die Firma S.A.I.T. SRL [&hellip;]","og_url":"https:\/\/www.vacanze-natura.it\/de\/videoueberwachungssystems\/","og_site_name":"Gruppo Vacanze Natura","article_modified_time":"2026-04-27T15:44:21+00:00","og_image":[{"width":1280,"height":900,"url":"https:\/\/www.vacanze-natura.it\/wp-content\/uploads\/2026\/04\/mare.jpg","type":"image\/jpeg"}],"twitter_card":"summary_large_image","twitter_misc":{"Gesch\u00e4tzte Lesezeit":"6\u00a0Minuten"},"schema":{"@context":"https:\/\/schema.org","@graph":[{"@type":"WebPage","@id":"https:\/\/www.vacanze-natura.it\/de\/videoueberwachungssystems\/","url":"https:\/\/www.vacanze-natura.it\/de\/videoueberwachungssystems\/","name":"Video\u00fcberwachungssystems - Gruppo Vacanze Natura","isPartOf":{"@id":"https:\/\/www.vacanze-natura.it\/de\/#website"},"primaryImageOfPage":{"@id":"https:\/\/www.vacanze-natura.it\/de\/videoueberwachungssystems\/#primaryimage"},"image":{"@id":"https:\/\/www.vacanze-natura.it\/de\/videoueberwachungssystems\/#primaryimage"},"thumbnailUrl":"https:\/\/www.vacanze-natura.it\/wp-content\/uploads\/2026\/04\/mare.jpg","datePublished":"2026-04-17T05:11:24+00:00","dateModified":"2026-04-27T15:44:21+00:00","breadcrumb":{"@id":"https:\/\/www.vacanze-natura.it\/de\/videoueberwachungssystems\/#breadcrumb"},"inLanguage":"de","potentialAction":[{"@type":"ReadAction","target":["https:\/\/www.vacanze-natura.it\/de\/videoueberwachungssystems\/"]}]},{"@type":"ImageObject","inLanguage":"de","@id":"https:\/\/www.vacanze-natura.it\/de\/videoueberwachungssystems\/#primaryimage","url":"https:\/\/www.vacanze-natura.it\/wp-content\/uploads\/2026\/04\/mare.jpg","contentUrl":"https:\/\/www.vacanze-natura.it\/wp-content\/uploads\/2026\/04\/mare.jpg","width":1280,"height":900},{"@type":"BreadcrumbList","@id":"https:\/\/www.vacanze-natura.it\/de\/videoueberwachungssystems\/#breadcrumb","itemListElement":[{"@type":"ListItem","position":1,"name":"Home","item":"https:\/\/www.vacanze-natura.it\/de\/"},{"@type":"ListItem","position":2,"name":"Video\u00fcberwachungssystems"}]},{"@type":"WebSite","@id":"https:\/\/www.vacanze-natura.it\/de\/#website","url":"https:\/\/www.vacanze-natura.it\/de\/","name":"Gruppo Vacanze Natura","description":"","publisher":{"@id":"https:\/\/www.vacanze-natura.it\/de\/#organization"},"potentialAction":[{"@type":"SearchAction","target":{"@type":"EntryPoint","urlTemplate":"https:\/\/www.vacanze-natura.it\/de\/?s={search_term_string}"},"query-input":{"@type":"PropertyValueSpecification","valueRequired":true,"valueName":"search_term_string"}}],"inLanguage":"de"},{"@type":"Organization","@id":"https:\/\/www.vacanze-natura.it\/de\/#organization","name":"Gruppo Vacanze Natura","url":"https:\/\/www.vacanze-natura.it\/de\/","logo":{"@type":"ImageObject","inLanguage":"de","@id":"https:\/\/www.vacanze-natura.it\/de\/#\/schema\/logo\/image\/","url":"https:\/\/www.vacanze-natura.it\/wp-content\/uploads\/2026\/04\/Sait_Gruppo_Vacanze_Natura.svg","contentUrl":"https:\/\/www.vacanze-natura.it\/wp-content\/uploads\/2026\/04\/Sait_Gruppo_Vacanze_Natura.svg","width":600,"height":45,"caption":"Gruppo Vacanze Natura"},"image":{"@id":"https:\/\/www.vacanze-natura.it\/de\/#\/schema\/logo\/image\/"}}]}},"_links":{"self":[{"href":"https:\/\/www.vacanze-natura.it\/de\/wp-json\/wp\/v2\/pages\/262","targetHints":{"allow":["GET"]}}],"collection":[{"href":"https:\/\/www.vacanze-natura.it\/de\/wp-json\/wp\/v2\/pages"}],"about":[{"href":"https:\/\/www.vacanze-natura.it\/de\/wp-json\/wp\/v2\/types\/page"}],"author":[{"embeddable":true,"href":"https:\/\/www.vacanze-natura.it\/de\/wp-json\/wp\/v2\/users\/1"}],"replies":[{"embeddable":true,"href":"https:\/\/www.vacanze-natura.it\/de\/wp-json\/wp\/v2\/comments?post=262"}],"version-history":[{"count":4,"href":"https:\/\/www.vacanze-natura.it\/de\/wp-json\/wp\/v2\/pages\/262\/revisions"}],"predecessor-version":[{"id":278,"href":"https:\/\/www.vacanze-natura.it\/de\/wp-json\/wp\/v2\/pages\/262\/revisions\/278"}],"wp:featuredmedia":[{"embeddable":true,"href":"https:\/\/www.vacanze-natura.it\/de\/wp-json\/wp\/v2\/media\/261"}],"wp:attachment":[{"href":"https:\/\/www.vacanze-natura.it\/de\/wp-json\/wp\/v2\/media?parent=262"}],"curies":[{"name":"wp","href":"https:\/\/api.w.org\/{rel}","templated":true}]}}